{"id":25266,"date":"2018-06-11T12:58:12","date_gmt":"2018-06-11T16:58:12","guid":{"rendered":"https:\/\/www.alsayde.org\/?page_id=25266"},"modified":"2026-03-07T18:14:20","modified_gmt":"2026-03-07T23:14:20","slug":"%d8%a7%d8%aa%d8%b5%d9%84-%d8%a8%d9%86%d8%a7","status":"publish","type":"page","link":"https:\/\/www.alsayde.org\/ar\/%d8%a7%d8%aa%d8%b5%d9%84-%d8%a8%d9%86%d8%a7\/","title":{"rendered":"\u0627\u062a\u0635\u0644 \u0628\u0646\u0627"},"content":{"rendered":"<h3 style=\"padding-left: 40px;\">\u0627\u0644\u0628\u0631\u064a\u062f \u0627\u0644\u0625\u0644\u0643\u062a\u0631\u0648\u0646\u064a \u0648\u0627\u0644\u0647\u0627\u062a\u0641 \u0648\u0627\u0644\u0641\u0627\u0643\u0633<\/h3>\n<p>\u0627\u0644\u0628\u0631\u064a\u062f \u0627\u0644\u0625\u0644\u0643\u062a\u0631\u0648\u0646\u064a: <a href=\"mailto:alsayde@alsayde.org\">alsayde@alsayde.org<\/a><br \/>\n<a href=\"tel:+15148587004\">(514) 858-7004<\/a> (\u0647\u0627\u062a\u0641)<br \/>\n<a href=\"tel:+15148587004\">(514) 507-7004<\/a> (\u0641\u0627\u0643\u0633)<br \/>\n<a href=\"tel:+15148099992\">(514) 809-9992<\/a> (\u062e\u0644\u0648\u064a \u0627\u0644\u0623\u0628 \u0641\u0631\u0632\u0644\u064a)<br \/>\n<a href=\"mailto:frelias@www.alsayde.org\">frelias@alsayde.org<\/a> (\u0628\u0631\u064a\u062f \u0627\u0644\u0623\u0628 \u0641\u0631\u0632\u0644\u064a )<br \/>\n<a href=\"mailto:frseraphim@www.alsayde.org\">frseraphim@alsayde.org<\/a> (\u0628\u0631\u064a\u062f \u0627\u0644\u0623\u0628 \u0633\u064a\u0631\u0627\u0641\u064a\u0645 )<\/p>\n<h3>\u0627\u0644\u0639\u0646\u0648\u0627\u0646 \u0627\u0644\u0628\u0631\u064a\u062f\u064a<\/h3>\n<p>\u00c9glise Orthodoxe d\u2019Antioche de la Vierge Marie, Montr\u00e9al<br \/>\n10841 Grande All\u00e9e<br \/>\nMontr\u00e9al, QC H3L 2M8<\/p>\n<h3>\u062f\u0648\u0627\u0645 \u0627\u0644\u0639\u0645\u0644<\/h3>\n<p>\u0627\u0644\u0627\u062b\u0646\u064a\u0646 &#8211; \u0627\u0644\u062c\u0645\u0639\u0629 8:30 \u0635\u0628\u0627\u062d\u064b\u0627 &#8211; 4:00 \u0645\u0633\u0627\u0621\u064b<\/p>\n<h3>\u0627\u0644\u0639\u0646\u0648\u0627\u0646<\/h3>\n<p>120 Gouin E, Montreal<br \/>\nQuebec H3L 1A7<br \/>\nCanada<\/p>\n<h3>\u0627\u0644\u0627\u062a\u0635\u0627\u0644<\/h3>\n<p>\u0627\u0644\u0627\u0631\u0634\u0645\u0646\u062f\u0631\u064a\u062a \u0633\u064a\u0631\u0627\u0641\u064a\u0645 \u062f\u0627\u0648\u062f<br \/>\n\u0627\u0644\u0623\u0628 \u0625\u0644\u064a\u0627\u0633 \u0641\u0631\u0632\u0644\u064a\u060c \u0643\u0627\u0647\u0646<br \/>\n\u0627\u0644\u0645\u062a\u0642\u062f\u0645 \u0641\u064a \u0627\u0644\u0643\u0647\u0646\u0629 \u0627\u0644\u0623\u0628 \u0645\u064a\u0634\u0627\u0644 \u0641\u0648\u0627\u0632 \u0643\u0627\u0647\u0646 \u0641\u062e\u0631\u064a<\/p>\n<h3>\u0645\u0648\u0627\u0639\u064a\u062f \u0627\u0644\u0635\u0644\u0648\u0627\u062a<\/h3>\n<p>\u0635\u0644\u0627\u0629 \u0627\u0644\u0633\u062d\u0631 \u064a\u0648\u0645 \u0627\u0644\u0623\u062d\u062f \u0627\u0644\u0633\u0627\u0639\u0629 \u0661\u0660:\u0660\u0660\u0635\u0628\u0627\u062d\u0627\u064b<br \/>\n\u0627\u0644\u0642\u062f\u0627\u0633 \u0627\u0644\u0625\u0644\u0647\u064a \u064a\u0648\u0645 \u0627\u0644\u0623\u062d\u062f \u0627\u0644\u0633\u0627\u0639\u0629 \u0661\u0661:\u0660\u0660 \u0635\u0628\u0627\u062d\u0627\u064b<\/p>\n<p>&nbsp;<\/p>\n<h3>\u0648\u0633\u0627\u0626\u0644 \u0627\u0644\u062a\u0648\u0627\u0635\u0644 \u0627\u0644\u0627\u062c\u062a\u0645\u0627\u0639\u064a<\/h3>\n<p>Facebook: <a href=\"https:\/\/www.facebook.com\/alsaydemontreal\">https:\/\/www.facebook.com\/alsaydemontreal<\/a><br \/>\nInstagram: <a href=\"https:\/\/www.instagram.com\/al.sayde\/\">https:\/\/www.instagram.com\/al.sayde\/<\/a><\/p>\n<h3><a href=\"https:\/\/docs.google.com\/forms\/d\/e\/1FAIpQLSde-VBnHmHE4euwY6ginj7-34Zry0MLYW176YQ8hHM0qFjJDA\/viewform?mc_cid=afc491e3ad&amp;mc_eid=84880b88e9\">\u062a\u0633\u062c\u064a\u0644 \u0627\u0644\u0639\u0627\u0626\u0644\u0627\u062a \u0641\u064a \u0627\u0644\u0643\u0646\u064a\u0633\u0629<\/a><\/h3>\n","protected":false},"excerpt":{"rendered":"<p>\u0627\u0644\u0628\u0631\u064a\u062f \u0627\u0644\u0625\u0644\u0643\u062a\u0631\u0648\u0646\u064a \u0648\u0627\u0644\u0647\u0627\u062a\u0641 \u0648\u0627\u0644\u0641\u0627\u0643\u0633 \u0627\u0644\u0628\u0631\u064a\u062f \u0627\u0644\u0625\u0644\u0643\u062a\u0631\u0648\u0646\u064a: alsayde@alsayde.org (514) 858-7004 (\u0647\u0627\u062a\u0641) (514) 507-7004 (\u0641\u0627\u0643\u0633) (514) 809-9992 (\u062e\u0644\u0648\u064a \u0627\u0644\u0623\u0628 \u0641\u0631\u0632\u0644\u064a) frelias@alsayde.org (\u0628\u0631\u064a\u062f \u0627\u0644\u0623\u0628 \u0641\u0631\u0632\u0644\u064a ) frseraphim@alsayde.org (\u0628\u0631\u064a\u062f \u0627\u0644\u0623\u0628 \u0633\u064a\u0631\u0627\u0641\u064a\u0645 ) \u0627\u0644\u0639\u0646\u0648\u0627\u0646 \u0627\u0644\u0628\u0631\u064a\u062f\u064a \u00c9glise Orthodoxe d\u2019Antioche de la Vierge Marie, Montr\u00e9al 10841 Grande All\u00e9e Montr\u00e9al, QC H3L 2M8 \u062f\u0648\u0627\u0645 \u0627\u0644\u0639\u0645\u0644 \u0627\u0644\u0627\u062b\u0646\u064a\u0646 &#8211; \u0627\u0644\u062c\u0645\u0639\u0629 8:30 \u0635\u0628\u0627\u062d\u064b\u0627 &#8211; 4:00 \u0645\u0633\u0627\u0621\u064b &hellip; <a href=\"https:\/\/www.alsayde.org\/ar\/%d8%a7%d8%aa%d8%b5%d9%84-%d8%a8%d9%86%d8%a7\/\" class=\"more-link\">\u0645\u062a\u0627\u0628\u0639\u0629 \u0642\u0631\u0627\u0621\u0629 <span class=\"screen-reader-text\">\u0627\u062a\u0635\u0644 \u0628\u0646\u0627<\/span><\/a><\/p>\n","protected":false},"author":17,"featured_media":0,"parent":0,"menu_order":0,"comment_status":"closed","ping_status":"closed","template":"contactus.php","meta":{"_acf_changed":false,"footnotes":""},"class_list":["post-25266","page","type-page","status-publish","hentry"],"acf":[],"yoast_head":"<!-- This site is optimized with the Yoast SEO plugin v26.7 - https:\/\/yoast.com\/wordpress\/plugins\/seo\/ -->\n<title>\u0627\u062a\u0635\u0644 \u0628\u0646\u0627 &#8211; Al Sayde - St Mary\u2019s Antiochian Orthodox Church in Montreal<\/title>\n<meta name=\"robots\" content=\"index, follow, max-snippet:-1, max-image-preview:large, max-video-preview:-1\" \/>\n<link rel=\"canonical\" href=\"https:\/\/www.alsayde.org\/ar\/%d8%a7%d8%aa%d8%b5%d9%84-%d8%a8%d9%86%d8%a7\/\" \/>\n<meta property=\"og:locale\" content=\"ar_AR\" \/>\n<meta property=\"og:type\" content=\"article\" \/>\n<meta property=\"og:title\" content=\"\u0627\u062a\u0635\u0644 \u0628\u0646\u0627 &#8211; Al Sayde - St Mary\u2019s Antiochian Orthodox Church in Montreal\" \/>\n<meta property=\"og:description\" content=\"\u0627\u0644\u0628\u0631\u064a\u062f \u0627\u0644\u0625\u0644\u0643\u062a\u0631\u0648\u0646\u064a \u0648\u0627\u0644\u0647\u0627\u062a\u0641 \u0648\u0627\u0644\u0641\u0627\u0643\u0633 \u0627\u0644\u0628\u0631\u064a\u062f \u0627\u0644\u0625\u0644\u0643\u062a\u0631\u0648\u0646\u064a: alsayde@alsayde.org (514) 858-7004 (\u0647\u0627\u062a\u0641) (514) 507-7004 (\u0641\u0627\u0643\u0633) (514) 809-9992 (\u062e\u0644\u0648\u064a \u0627\u0644\u0623\u0628 \u0641\u0631\u0632\u0644\u064a) frelias@alsayde.org (\u0628\u0631\u064a\u062f \u0627\u0644\u0623\u0628 \u0641\u0631\u0632\u0644\u064a ) frseraphim@alsayde.org (\u0628\u0631\u064a\u062f \u0627\u0644\u0623\u0628 \u0633\u064a\u0631\u0627\u0641\u064a\u0645 ) \u0627\u0644\u0639\u0646\u0648\u0627\u0646 \u0627\u0644\u0628\u0631\u064a\u062f\u064a \u00c9glise Orthodoxe d\u2019Antioche de la Vierge Marie, Montr\u00e9al 10841 Grande All\u00e9e Montr\u00e9al, QC H3L 2M8 \u062f\u0648\u0627\u0645 \u0627\u0644\u0639\u0645\u0644 \u0627\u0644\u0627\u062b\u0646\u064a\u0646 &#8211; \u0627\u0644\u062c\u0645\u0639\u0629 8:30 \u0635\u0628\u0627\u062d\u064b\u0627 &#8211; 4:00 \u0645\u0633\u0627\u0621\u064b &hellip; \u0645\u062a\u0627\u0628\u0639\u0629 \u0642\u0631\u0627\u0621\u0629 \u0627\u062a\u0635\u0644 \u0628\u0646\u0627\" \/>\n<meta property=\"og:url\" content=\"https:\/\/www.alsayde.org\/ar\/%d8%a7%d8%aa%d8%b5%d9%84-%d8%a8%d9%86%d8%a7\/\" \/>\n<meta property=\"og:site_name\" content=\"Al Sayde - St Mary\u2019s Antiochian Orthodox Church in Montreal\" \/>\n<meta property=\"article:publisher\" content=\"https:\/\/www.facebook.com\/alsaydemontreal\" \/>\n<meta property=\"article:modified_time\" content=\"2026-03-07T23:14:20+00:00\" \/>\n<meta name=\"twitter:card\" content=\"summary_large_image\" \/>\n<meta name=\"twitter:label1\" content=\"\u0648\u0642\u062a \u0627\u0644\u0642\u0631\u0627\u0621\u0629 \u0627\u0644\u0645\u064f\u0642\u062f\u0651\u0631\" \/>\n\t<meta name=\"twitter:data1\" content=\"1 \u062f\u0642\u064a\u0642\u0629\" \/>\n<script type=\"application\/ld+json\" class=\"yoast-schema-graph\">{\"@context\":\"https:\/\/schema.org\",\"@graph\":[{\"@type\":\"WebPage\",\"@id\":\"https:\/\/www.alsayde.org\/ar\/%d8%a7%d8%aa%d8%b5%d9%84-%d8%a8%d9%86%d8%a7\/\",\"url\":\"https:\/\/www.alsayde.org\/ar\/%d8%a7%d8%aa%d8%b5%d9%84-%d8%a8%d9%86%d8%a7\/\",\"name\":\"\u0627\u062a\u0635\u0644 \u0628\u0646\u0627 &#8211; Al Sayde - St Mary\u2019s Antiochian Orthodox Church in Montreal\",\"isPartOf\":{\"@id\":\"https:\/\/www.alsayde.org\/ar\/#website\"},\"datePublished\":\"2018-06-11T16:58:12+00:00\",\"dateModified\":\"2026-03-07T23:14:20+00:00\",\"breadcrumb\":{\"@id\":\"https:\/\/www.alsayde.org\/ar\/%d8%a7%d8%aa%d8%b5%d9%84-%d8%a8%d9%86%d8%a7\/#breadcrumb\"},\"inLanguage\":\"ar\",\"potentialAction\":[{\"@type\":\"ReadAction\",\"target\":[\"https:\/\/www.alsayde.org\/ar\/%d8%a7%d8%aa%d8%b5%d9%84-%d8%a8%d9%86%d8%a7\/\"]}]},{\"@type\":\"BreadcrumbList\",\"@id\":\"https:\/\/www.alsayde.org\/ar\/%d8%a7%d8%aa%d8%b5%d9%84-%d8%a8%d9%86%d8%a7\/#breadcrumb\",\"itemListElement\":[{\"@type\":\"ListItem\",\"position\":1,\"name\":\"Home\",\"item\":\"https:\/\/www.alsayde.org\/ar\/\"},{\"@type\":\"ListItem\",\"position\":2,\"name\":\"\u0627\u062a\u0635\u0644 \u0628\u0646\u0627\"}]},{\"@type\":\"WebSite\",\"@id\":\"https:\/\/www.alsayde.org\/ar\/#website\",\"url\":\"https:\/\/www.alsayde.org\/ar\/\",\"name\":\"Al Sayde - St Mary\u2019s Antiochian Orthodox Church in Montreal\",\"description\":\"Antiochian Orthodox Christian Archdiocese of North America\",\"publisher\":{\"@id\":\"https:\/\/www.alsayde.org\/ar\/#organization\"},\"potentialAction\":[{\"@type\":\"SearchAction\",\"target\":{\"@type\":\"EntryPoint\",\"urlTemplate\":\"https:\/\/www.alsayde.org\/ar\/?s={search_term_string}\"},\"query-input\":{\"@type\":\"PropertyValueSpecification\",\"valueRequired\":true,\"valueName\":\"search_term_string\"}}],\"inLanguage\":\"ar\"},{\"@type\":\"Organization\",\"@id\":\"https:\/\/www.alsayde.org\/ar\/#organization\",\"name\":\"Al Sayde - St Mary\u2019s Antiochian Orthodox Church in Montreal\",\"url\":\"https:\/\/www.alsayde.org\/ar\/\",\"logo\":{\"@type\":\"ImageObject\",\"inLanguage\":\"ar\",\"@id\":\"https:\/\/www.alsayde.org\/ar\/#\/schema\/logo\/image\/\",\"url\":\"https:\/\/www.alsayde.org\/wp-content\/uploads\/2019\/03\/FAZZ1509.jpg\",\"contentUrl\":\"https:\/\/www.alsayde.org\/wp-content\/uploads\/2019\/03\/FAZZ1509.jpg\",\"width\":1024,\"height\":1024,\"caption\":\"Al Sayde - St Mary\u2019s Antiochian Orthodox Church in Montreal\"},\"image\":{\"@id\":\"https:\/\/www.alsayde.org\/ar\/#\/schema\/logo\/image\/\"},\"sameAs\":[\"https:\/\/www.facebook.com\/alsaydemontreal\",\"https:\/\/www.instagram.com\/al.sayde\/\"]}]}<\/script>\n<!-- \/ Yoast SEO plugin. -->","yoast_head_json":{"title":"\u0627\u062a\u0635\u0644 \u0628\u0646\u0627 &#8211; Al Sayde - St Mary\u2019s Antiochian Orthodox Church in Montreal","robots":{"index":"index","follow":"follow","max-snippet":"max-snippet:-1","max-image-preview":"max-image-preview:large","max-video-preview":"max-video-preview:-1"},"canonical":"https:\/\/www.alsayde.org\/ar\/%d8%a7%d8%aa%d8%b5%d9%84-%d8%a8%d9%86%d8%a7\/","og_locale":"ar_AR","og_type":"article","og_title":"\u0627\u062a\u0635\u0644 \u0628\u0646\u0627 &#8211; Al Sayde - St Mary\u2019s Antiochian Orthodox Church in Montreal","og_description":"\u0627\u0644\u0628\u0631\u064a\u062f \u0627\u0644\u0625\u0644\u0643\u062a\u0631\u0648\u0646\u064a \u0648\u0627\u0644\u0647\u0627\u062a\u0641 \u0648\u0627\u0644\u0641\u0627\u0643\u0633 \u0627\u0644\u0628\u0631\u064a\u062f \u0627\u0644\u0625\u0644\u0643\u062a\u0631\u0648\u0646\u064a: alsayde@alsayde.org (514) 858-7004 (\u0647\u0627\u062a\u0641) (514) 507-7004 (\u0641\u0627\u0643\u0633) (514) 809-9992 (\u062e\u0644\u0648\u064a \u0627\u0644\u0623\u0628 \u0641\u0631\u0632\u0644\u064a) frelias@alsayde.org (\u0628\u0631\u064a\u062f \u0627\u0644\u0623\u0628 \u0641\u0631\u0632\u0644\u064a ) frseraphim@alsayde.org (\u0628\u0631\u064a\u062f \u0627\u0644\u0623\u0628 \u0633\u064a\u0631\u0627\u0641\u064a\u0645 ) \u0627\u0644\u0639\u0646\u0648\u0627\u0646 \u0627\u0644\u0628\u0631\u064a\u062f\u064a \u00c9glise Orthodoxe d\u2019Antioche de la Vierge Marie, Montr\u00e9al 10841 Grande All\u00e9e Montr\u00e9al, QC H3L 2M8 \u062f\u0648\u0627\u0645 \u0627\u0644\u0639\u0645\u0644 \u0627\u0644\u0627\u062b\u0646\u064a\u0646 &#8211; \u0627\u0644\u062c\u0645\u0639\u0629 8:30 \u0635\u0628\u0627\u062d\u064b\u0627 &#8211; 4:00 \u0645\u0633\u0627\u0621\u064b &hellip; \u0645\u062a\u0627\u0628\u0639\u0629 \u0642\u0631\u0627\u0621\u0629 \u0627\u062a\u0635\u0644 \u0628\u0646\u0627","og_url":"https:\/\/www.alsayde.org\/ar\/%d8%a7%d8%aa%d8%b5%d9%84-%d8%a8%d9%86%d8%a7\/","og_site_name":"Al Sayde - St Mary\u2019s Antiochian Orthodox Church in Montreal","article_publisher":"https:\/\/www.facebook.com\/alsaydemontreal","article_modified_time":"2026-03-07T23:14:20+00:00","twitter_card":"summary_large_image","twitter_misc":{"\u0648\u0642\u062a \u0627\u0644\u0642\u0631\u0627\u0621\u0629 \u0627\u0644\u0645\u064f\u0642\u062f\u0651\u0631":"1 \u062f\u0642\u064a\u0642\u0629"},"schema":{"@context":"https:\/\/schema.org","@graph":[{"@type":"WebPage","@id":"https:\/\/www.alsayde.org\/ar\/%d8%a7%d8%aa%d8%b5%d9%84-%d8%a8%d9%86%d8%a7\/","url":"https:\/\/www.alsayde.org\/ar\/%d8%a7%d8%aa%d8%b5%d9%84-%d8%a8%d9%86%d8%a7\/","name":"\u0627\u062a\u0635\u0644 \u0628\u0646\u0627 &#8211; Al Sayde - St Mary\u2019s Antiochian Orthodox Church in Montreal","isPartOf":{"@id":"https:\/\/www.alsayde.org\/ar\/#website"},"datePublished":"2018-06-11T16:58:12+00:00","dateModified":"2026-03-07T23:14:20+00:00","breadcrumb":{"@id":"https:\/\/www.alsayde.org\/ar\/%d8%a7%d8%aa%d8%b5%d9%84-%d8%a8%d9%86%d8%a7\/#breadcrumb"},"inLanguage":"ar","potentialAction":[{"@type":"ReadAction","target":["https:\/\/www.alsayde.org\/ar\/%d8%a7%d8%aa%d8%b5%d9%84-%d8%a8%d9%86%d8%a7\/"]}]},{"@type":"BreadcrumbList","@id":"https:\/\/www.alsayde.org\/ar\/%d8%a7%d8%aa%d8%b5%d9%84-%d8%a8%d9%86%d8%a7\/#breadcrumb","itemListElement":[{"@type":"ListItem","position":1,"name":"Home","item":"https:\/\/www.alsayde.org\/ar\/"},{"@type":"ListItem","position":2,"name":"\u0627\u062a\u0635\u0644 \u0628\u0646\u0627"}]},{"@type":"WebSite","@id":"https:\/\/www.alsayde.org\/ar\/#website","url":"https:\/\/www.alsayde.org\/ar\/","name":"Al Sayde - St Mary\u2019s Antiochian Orthodox Church in Montreal","description":"Antiochian Orthodox Christian Archdiocese of North America","publisher":{"@id":"https:\/\/www.alsayde.org\/ar\/#organization"},"potentialAction":[{"@type":"SearchAction","target":{"@type":"EntryPoint","urlTemplate":"https:\/\/www.alsayde.org\/ar\/?s={search_term_string}"},"query-input":{"@type":"PropertyValueSpecification","valueRequired":true,"valueName":"search_term_string"}}],"inLanguage":"ar"},{"@type":"Organization","@id":"https:\/\/www.alsayde.org\/ar\/#organization","name":"Al Sayde - St Mary\u2019s Antiochian Orthodox Church in Montreal","url":"https:\/\/www.alsayde.org\/ar\/","logo":{"@type":"ImageObject","inLanguage":"ar","@id":"https:\/\/www.alsayde.org\/ar\/#\/schema\/logo\/image\/","url":"https:\/\/www.alsayde.org\/wp-content\/uploads\/2019\/03\/FAZZ1509.jpg","contentUrl":"https:\/\/www.alsayde.org\/wp-content\/uploads\/2019\/03\/FAZZ1509.jpg","width":1024,"height":1024,"caption":"Al Sayde - St Mary\u2019s Antiochian Orthodox Church in Montreal"},"image":{"@id":"https:\/\/www.alsayde.org\/ar\/#\/schema\/logo\/image\/"},"sameAs":["https:\/\/www.facebook.com\/alsaydemontreal","https:\/\/www.instagram.com\/al.sayde\/"]}]}},"_links":{"self":[{"href":"https:\/\/www.alsayde.org\/ar\/wp-json\/wp\/v2\/pages\/25266","targetHints":{"allow":["GET"]}}],"collection":[{"href":"https:\/\/www.alsayde.org\/ar\/wp-json\/wp\/v2\/pages"}],"about":[{"href":"https:\/\/www.alsayde.org\/ar\/wp-json\/wp\/v2\/types\/page"}],"author":[{"embeddable":true,"href":"https:\/\/www.alsayde.org\/ar\/wp-json\/wp\/v2\/users\/17"}],"replies":[{"embeddable":true,"href":"https:\/\/www.alsayde.org\/ar\/wp-json\/wp\/v2\/comments?post=25266"}],"version-history":[{"count":2,"href":"https:\/\/www.alsayde.org\/ar\/wp-json\/wp\/v2\/pages\/25266\/revisions"}],"predecessor-version":[{"id":29269,"href":"https:\/\/www.alsayde.org\/ar\/wp-json\/wp\/v2\/pages\/25266\/revisions\/29269"}],"wp:attachment":[{"href":"https:\/\/www.alsayde.org\/ar\/wp-json\/wp\/v2\/media?parent=25266"}],"curies":[{"name":"wp","href":"https:\/\/api.w.org\/{rel}","templated":true}]}}